{"id":326,"date":"2023-07-03T17:27:17","date_gmt":"2023-07-03T15:27:17","guid":{"rendered":"https:\/\/edithsteinfriedensgebet.wordpress.com\/?page_id=326"},"modified":"2023-07-03T17:27:17","modified_gmt":"2023-07-03T15:27:17","slug":"gebete-zur-auswahl","status":"publish","type":"page","link":"https:\/\/friedensgebet.karmel.at\/?page_id=326","title":{"rendered":"Gebete zur Auswahl"},"content":{"rendered":"\n<div class=\"wp-block-columns is-layout-flex wp-container-core-columns-is-layout-28f84493 wp-block-columns-is-layout-flex\">\n<div class=\"wp-block-column is-layout-flow wp-block-column-is-layout-flow\">\n<p>als PDF<\/p>\n\n\n\n<div class=\"wp-block-file\"><a id=\"wp-block-file--media-be605662-49f1-4c3b-b96e-44d45b54104b\" href=\"https:\/\/friedensgebet.karmel.at\/wp-content\/uploads\/2023\/07\/gebete-zur-auswahl.pdf\">Gebete zur Auswahl<\/a><a href=\"https:\/\/friedensgebet.karmel.at\/wp-content\/uploads\/2023\/07\/gebete-zur-auswahl.pdf\" class=\"wp-block-file__button wp-element-button\" download aria-describedby=\"wp-block-file--media-be605662-49f1-4c3b-b96e-44d45b54104b\">Download<\/a><\/div>\n<\/div>\n\n\n\n<div class=\"wp-block-column is-layout-flow wp-block-column-is-layout-flow\">\n<p>als Word Doc<\/p>\n\n\n\n<div class=\"wp-block-file\"><a id=\"wp-block-file--media-a9eeb0a6-d65a-4f3a-a94f-df66a353f805\" href=\"https:\/\/friedensgebet.karmel.at\/wp-content\/uploads\/2023\/07\/gebete-zur-auswahl-1.docx\">Gebete Zur Auswahl<\/a><a href=\"https:\/\/friedensgebet.karmel.at\/wp-content\/uploads\/2023\/07\/gebete-zur-auswahl-1.docx\" class=\"wp-block-file__button wp-element-button\" download aria-describedby=\"wp-block-file--media-a9eeb0a6-d65a-4f3a-a94f-df66a353f805\">Download<\/a><\/div>\n<\/div>\n<\/div>\n\n\n\n<p><strong>GEBETE ZUR AUSWAHL:<\/strong><\/p>\n\n\n\n<p><strong>Litanei<\/strong><strong> <\/strong><strong>zur<\/strong><strong> <\/strong><strong>Hl.<\/strong><strong> <\/strong><strong>Edith<\/strong><strong> <\/strong><strong>Stein<\/strong><strong> <\/strong><strong>\u2013<\/strong><strong> Sr. <\/strong><strong>Teresia<\/strong><strong> <\/strong><strong>Benedicta<\/strong><strong> <\/strong><strong>vom<\/strong><strong> <\/strong><strong>Kreuz<\/strong><strong><\/strong><\/p>\n\n\n\n<p>Herr, erbarme dich unser&nbsp;&nbsp;&nbsp;&nbsp;&nbsp;&nbsp;&nbsp;&nbsp;&nbsp;&nbsp;&nbsp;&nbsp;&nbsp;&nbsp;&nbsp;&nbsp;&nbsp;&nbsp;&nbsp;&nbsp;&nbsp;&nbsp;&nbsp;&nbsp;&nbsp;&nbsp;&nbsp;&nbsp;&nbsp;&nbsp;&nbsp;&nbsp;&nbsp;&nbsp;&nbsp;&nbsp;&nbsp;&nbsp;&nbsp;&nbsp;&nbsp;&nbsp;&nbsp;&nbsp;&nbsp;&nbsp;&nbsp;&nbsp;&nbsp;&nbsp;&nbsp;&nbsp;&nbsp;&nbsp; <em>Herr,<\/em><em> <\/em><em>erbarme<\/em><em> <\/em><em>dich<\/em><em> <\/em><em>unser<\/em><em><\/em><\/p>\n\n\n\n<p>Christus, erbarme dich unser<em>&nbsp;&nbsp;&nbsp;&nbsp;&nbsp;&nbsp;&nbsp;&nbsp;&nbsp;&nbsp;&nbsp;&nbsp;&nbsp;&nbsp;&nbsp;&nbsp;&nbsp;&nbsp;&nbsp;&nbsp;&nbsp;&nbsp;&nbsp;&nbsp;&nbsp;&nbsp;&nbsp;&nbsp;&nbsp;&nbsp;&nbsp;&nbsp;&nbsp;&nbsp;&nbsp;&nbsp;&nbsp;&nbsp;&nbsp;&nbsp;&nbsp;&nbsp;&nbsp;&nbsp;&nbsp;&nbsp;&nbsp;&nbsp; Christus,<\/em><em> <\/em><em>erbarme<\/em><em> <\/em><em>dich<\/em><em> <\/em><em>unser<\/em><em><\/em><\/p>\n\n\n\n<p>Herr, erbarme dich unser.&nbsp;&nbsp;&nbsp;&nbsp;&nbsp;&nbsp;&nbsp;&nbsp;&nbsp;&nbsp;&nbsp;&nbsp;&nbsp;&nbsp;&nbsp;&nbsp;&nbsp;&nbsp;&nbsp;&nbsp;&nbsp;&nbsp;&nbsp;&nbsp;&nbsp;&nbsp;&nbsp;&nbsp;&nbsp;&nbsp;&nbsp;&nbsp;&nbsp;&nbsp;&nbsp;&nbsp;&nbsp;&nbsp;&nbsp;&nbsp;&nbsp;&nbsp;&nbsp;&nbsp;&nbsp;&nbsp;&nbsp;&nbsp;&nbsp;&nbsp;&nbsp;&nbsp;&nbsp; <em>Herr,<\/em><em> <\/em><em>erbarme<\/em><em> <\/em><em>dich<\/em><em> <\/em><em>unser.<\/em><\/p>\n\n\n\n<p>Christus, h\u00f6re uns&nbsp;&nbsp;&nbsp;&nbsp;&nbsp;&nbsp;&nbsp;&nbsp;&nbsp;&nbsp;&nbsp;&nbsp;&nbsp;&nbsp;&nbsp;&nbsp;&nbsp;&nbsp;&nbsp;&nbsp;&nbsp;&nbsp;&nbsp;&nbsp;&nbsp;&nbsp;&nbsp;&nbsp;&nbsp;&nbsp;&nbsp;&nbsp;&nbsp;&nbsp;&nbsp;&nbsp;&nbsp;&nbsp;&nbsp;&nbsp;&nbsp;&nbsp;&nbsp;&nbsp;&nbsp;&nbsp;&nbsp;&nbsp;&nbsp;&nbsp;&nbsp;&nbsp;&nbsp;&nbsp;&nbsp;&nbsp;&nbsp;&nbsp;&nbsp;&nbsp;&nbsp;&nbsp;&nbsp;&nbsp;&nbsp; <em>Christus,<\/em><em> <\/em><em>erh\u00f6re<\/em><em> <\/em><em>uns.<\/em><\/p>\n\n\n\n<p>Gott Vater im Himmel&nbsp;&nbsp;&nbsp;&nbsp;&nbsp;&nbsp;&nbsp;&nbsp;&nbsp;&nbsp;&nbsp;&nbsp;&nbsp;&nbsp;&nbsp;&nbsp;&nbsp;&nbsp;&nbsp;&nbsp;&nbsp;&nbsp;&nbsp;&nbsp;&nbsp;&nbsp;&nbsp;&nbsp;&nbsp;&nbsp;&nbsp;&nbsp;&nbsp;&nbsp;&nbsp;&nbsp;&nbsp;&nbsp;&nbsp;&nbsp;&nbsp;&nbsp;&nbsp;&nbsp;&nbsp;&nbsp;&nbsp;&nbsp;&nbsp;&nbsp;&nbsp;&nbsp;&nbsp;&nbsp;&nbsp;&nbsp;&nbsp;&nbsp; <em>erbarme<\/em><em> <\/em><em>dich<\/em><em> <\/em><em>unser.<\/em>&nbsp;&nbsp;&nbsp;&nbsp;&nbsp;<\/p>\n\n\n\n<p>Gott Sohn, Erl\u00f6ser der Welt&nbsp;&nbsp;&nbsp;&nbsp;&nbsp; <em><\/em><\/p>\n\n\n\n<p>Gott Heiliger <em>Geist<\/em><em>&nbsp;<\/em><\/p>\n\n\n\n<p>Heilige Maria, Mutter Gottes &nbsp;&nbsp;&nbsp;&nbsp;&nbsp;&nbsp;&nbsp;&nbsp;&nbsp;&nbsp;&nbsp;&nbsp;&nbsp;&nbsp;&nbsp;&nbsp;&nbsp;&nbsp;&nbsp;&nbsp;&nbsp;&nbsp;&nbsp;&nbsp;&nbsp;&nbsp;&nbsp;&nbsp;&nbsp;&nbsp;&nbsp;&nbsp;&nbsp;&nbsp;&nbsp;&nbsp;&nbsp;&nbsp;&nbsp;&nbsp;&nbsp;&nbsp;&nbsp;&nbsp;&nbsp;&nbsp; <em>bitte<\/em><em> <\/em><em>f\u00fcr<\/em><em> <\/em><em>uns.<\/em><\/p>\n\n\n\n<p>Heilige Maria, du K\u00f6nigin des Friedens&nbsp;&nbsp; <em>.<\/em><\/p>\n\n\n\n<p>Heilige Edith Stein,<\/p>\n\n\n\n<p>du leidenschaftliche Sucherin nach Sinn und Wahrheit&nbsp;&nbsp;&nbsp;&nbsp; <em><\/em><\/p>\n\n\n\n<p>du Helferin in seelischer und materieller Not&nbsp;&nbsp;&nbsp;&nbsp;&nbsp;&nbsp;&nbsp;&nbsp;&nbsp;&nbsp;&nbsp;&nbsp;&nbsp;&nbsp;&nbsp;&nbsp;&nbsp; <em><\/em><\/p>\n\n\n\n<p>du Verehrerin des heiligen Kreuzes&nbsp;&nbsp;&nbsp;&nbsp;&nbsp;&nbsp;&nbsp;&nbsp;&nbsp;&nbsp;&nbsp;&nbsp;&nbsp;&nbsp;&nbsp;&nbsp;&nbsp;&nbsp;&nbsp;&nbsp;&nbsp;&nbsp;&nbsp;&nbsp;&nbsp;&nbsp; <em><\/em><\/p>\n\n\n\n<p>du vom Kreuz Gesegnete&nbsp;&nbsp;&nbsp;&nbsp;&nbsp;&nbsp;&nbsp;&nbsp;&nbsp;&nbsp;&nbsp;&nbsp;&nbsp;<\/p>\n\n\n\n<p>du Vorbild der Demut&nbsp;&nbsp;&nbsp;&nbsp;&nbsp;&nbsp;&nbsp;&nbsp;&nbsp;&nbsp;&nbsp;&nbsp;&nbsp;&nbsp;&nbsp;&nbsp;&nbsp;&nbsp;&nbsp;&nbsp;&nbsp;&nbsp;&nbsp;&nbsp;&nbsp;&nbsp;&nbsp;&nbsp;&nbsp;&nbsp;&nbsp;&nbsp;&nbsp; <em><\/em><\/p>\n\n\n\n<p>du gro\u00dfe Gott-Sucherin&nbsp;&nbsp;&nbsp;&nbsp;&nbsp;&nbsp;&nbsp;&nbsp;&nbsp;&nbsp;&nbsp;&nbsp;&nbsp;&nbsp;&nbsp;&nbsp;&nbsp;&nbsp;&nbsp;&nbsp;&nbsp;&nbsp;<\/p>\n\n\n\n<p>du gro\u00dfe Beterin&nbsp;&nbsp;&nbsp;&nbsp;&nbsp;&nbsp;&nbsp;&nbsp;&nbsp;&nbsp;&nbsp;&nbsp;&nbsp;&nbsp;&nbsp;&nbsp;&nbsp;&nbsp;&nbsp;&nbsp;&nbsp;&nbsp;&nbsp;&nbsp;&nbsp;&nbsp;&nbsp;<\/p>\n\n\n\n<p>du herausragende Tochter Israels&nbsp;&nbsp;&nbsp;&nbsp;<\/p>\n\n\n\n<p>du Heilige unserer Kirche und des Karmel&nbsp;&nbsp;&nbsp;&nbsp;<\/p>\n\n\n\n<p>du geistige Tochter der hl Teresa von Avila und des hl. Johannes vom Kreuz&nbsp;&nbsp;&nbsp;&nbsp;&nbsp;&nbsp;&nbsp;&nbsp;&nbsp;&nbsp;&nbsp;<\/p>\n\n\n\n<p>du gelehrige Sch\u00fclerin des hl. Benedikt&nbsp;&nbsp;<\/p>\n\n\n\n<p>du Vorbild der Liebe und des Friedens&nbsp;&nbsp;&nbsp;<\/p>\n\n\n\n<p>du Tr\u00f6sterin der Betr\u00fcbten und Verzweifelten&nbsp;&nbsp;&nbsp;&nbsp;<\/p>\n\n\n\n<p>du einf\u00fchlsame Vermittlerin des christlichen Glaubens&nbsp;<\/p>\n\n\n\n<p>du Vorbild der Ganzhingabe&nbsp;&nbsp;&nbsp;&nbsp;&nbsp;&nbsp;&nbsp;&nbsp;&nbsp;&nbsp;&nbsp;&nbsp;&nbsp;&nbsp;&nbsp;<\/p>\n\n\n\n<p>du ganz in Gott Versunkene&nbsp;&nbsp;&nbsp;&nbsp;&nbsp;&nbsp;&nbsp;&nbsp;&nbsp;&nbsp;&nbsp;&nbsp;&nbsp;&nbsp;&nbsp;&nbsp;<\/p>\n\n\n\n<p>du M\u00e4rtyrin von Auschwitz&nbsp;&nbsp;&nbsp;&nbsp;&nbsp;&nbsp;&nbsp;&nbsp;&nbsp;&nbsp;&nbsp;&nbsp;<\/p>\n\n\n\n<p>du Zeichen der Vers\u00f6hnung&nbsp;&nbsp;&nbsp;&nbsp;&nbsp;&nbsp;&nbsp;&nbsp;&nbsp;&nbsp;&nbsp;&nbsp;&nbsp;&nbsp;&nbsp;&nbsp;&nbsp;<\/p>\n\n\n\n<p>du Beterin f\u00fcr den Frieden&nbsp;&nbsp;&nbsp;&nbsp;&nbsp;<\/p>\n\n\n\n<p>du, unsere F\u00fcrsprecherin&nbsp;<\/p>\n\n\n\n<p>du Schutzpatronin Europas<\/p>\n\n\n\n<p>Lamm Gottes, du nimmst hinweg die S\u00fcnde der Welt, &nbsp;&nbsp;&nbsp;&nbsp;&nbsp;&nbsp;&nbsp;&nbsp;&nbsp;&nbsp;&nbsp;&nbsp;&nbsp;&nbsp;&nbsp;&nbsp;&nbsp;&nbsp; <em>verschone<\/em><em> <\/em><em>uns,<\/em><em> <\/em><em>o<\/em><em> <\/em><em>Herr.<\/em><\/p>\n\n\n\n<p>Lamm Gottes, du nimmst hinweg die S\u00fcnde der Welt, &nbsp;&nbsp;&nbsp;&nbsp;&nbsp;&nbsp;&nbsp;&nbsp;&nbsp;&nbsp;&nbsp;&nbsp;&nbsp;&nbsp;&nbsp;&nbsp;&nbsp;&nbsp; <em>erh\u00f6re<\/em><em> <\/em><em>uns,<\/em><em> <\/em><em>o<\/em><em> <\/em><em>Herr.<\/em><\/p>\n\n\n\n<p>Lamm Gottes, du nimmst hinweg die S\u00fcnde der Welt,&nbsp;&nbsp; &nbsp;&nbsp;&nbsp;&nbsp;&nbsp;&nbsp;&nbsp;&nbsp;&nbsp;&nbsp;&nbsp;&nbsp;&nbsp;&nbsp;&nbsp;&nbsp; <em>erbarme<\/em><em> <\/em><em>dich<\/em><em> <\/em><em>unser,<\/em><em> <\/em><em>o<\/em><em> <\/em><em>Herr.<\/em><\/p>\n\n\n\n<p>Bitte f\u00fcr uns, heilige Teresia Benedicta vom Kreuz,<strong> &nbsp;&nbsp;&nbsp;&nbsp;&nbsp;&nbsp;&nbsp;&nbsp;&nbsp;&nbsp;&nbsp;&nbsp;&nbsp;&nbsp;&nbsp;&nbsp;&nbsp;&nbsp;&nbsp;&nbsp;&nbsp;&nbsp; <em>&nbsp;<\/em><\/strong><em>auf<\/em><em> <\/em><em>dass<\/em><em> <\/em><em>wir<\/em><em> <\/em><em>w\u00fcrdig<\/em><em> <\/em><em>werden<\/em><em> <\/em><em>der<\/em><em> <\/em><em>Verhei\u00dfungen<\/em><em> <\/em><em>Christi.<\/em><\/p>\n\n\n\n<p>Lasset uns gemeinsam beten:<\/p>\n\n\n\n<p><em>Gott<\/em><em> <\/em><em>unserer<\/em><em> <\/em><em>V\u00e4ter,<\/em><em><\/em><\/p>\n\n\n\n<p><em>&nbsp;<\/em><em>du<\/em><em> <\/em><em>hast<\/em><em> <\/em><em>die<\/em><em> <\/em><em>heilige<\/em><em> <\/em><em>M\u00e4rtyrin<\/em><em> <\/em><em>Teresia<\/em><em> <\/em><em>Benedicta<\/em><em> <\/em><em>vom<\/em><em> <\/em><em>Kreuz<\/em><em> <\/em><em>&#8211;<\/em><em> <\/em><em>Edith<\/em><em> <\/em><em>Stein<\/em><em> <\/em><em>zur<\/em><em> <\/em><em>Erkenntnis<\/em><em> <\/em><em>deines<\/em><em> <\/em><em>gekreuzigten<\/em><em> <\/em><em>Sohnes<\/em><em> <\/em><em>gef\u00fchrt<\/em><em> <\/em><em>und<\/em><em> <\/em><em>in<\/em><em> <\/em><em>seine<\/em><em> <\/em><em>Nachfolge<\/em><em> <\/em><em>bis<\/em><em> <\/em><em>zum<\/em><em> <\/em><em>Tod<\/em><em> <\/em><em>gerufen. Sie<\/em><em> <\/em><em>hat<\/em><em> <\/em><em>dir<\/em><em> <\/em><em>die<\/em><em> <\/em><em>Annahme<\/em><em> <\/em><em>ihres<\/em><em> <\/em><em>Lebens<\/em><em> <\/em><em>angeboten<\/em><em> <\/em><em>f\u00fcr<\/em><em> <\/em><em>den<\/em><em> <\/em><em>Frieden<\/em><em> <\/em><em>in<\/em><em> <\/em><em>der<\/em><em> <\/em><em>Welt.<\/em><em> <\/em><em><\/em><\/p>\n\n\n\n<p><em>Lass<\/em><em> <\/em><em>uns<\/em><em> <\/em><em>auf<\/em><em> <\/em><em>ihre<\/em><em> <\/em><em>F\u00fcrsprache<\/em><em> <\/em><em>Wege<\/em><em> <\/em><em>suchen<\/em><em> <\/em><em>und<\/em><em> <\/em><em>Schritte<\/em><em> <\/em><em>tun, die<\/em><em> <\/em><em>zum<\/em><em> <\/em><em>Frieden<\/em><em> <\/em><em>im<\/em><em> <\/em><em>eigenen<\/em><em> <\/em><em>Herzen,<\/em><em> <\/em><em>zum<\/em><em> <\/em><em>Frieden<\/em><em> <\/em><em>mit<\/em><em> <\/em><em>unseren<\/em><em> <\/em><em>N\u00e4chsten<\/em><em> <\/em><em>und<\/em><em> <\/em><em>zum<\/em><em> <\/em><em>Frieden<\/em><em> <\/em><em>zwischen<\/em><em> <\/em><em>den<\/em><em> <\/em><em>V\u00f6lkern<\/em><em> <\/em><em>und<\/em><em> <\/em><em>Religionen<\/em><em> <\/em><em>f\u00fchren.<\/em><em><\/em><\/p>\n\n\n\n<p><em>Darum<\/em><em> <\/em><em>bitten<\/em><em> <\/em><em>wir <\/em><em>auf<\/em><em> <\/em><em>die<\/em><em> <\/em><em>F\u00fcrsprache<\/em><em> <\/em><em>der<\/em><em> <\/em><em>hl.<\/em><em> <\/em><em>Teresia<\/em><em> <\/em><em>Benedicta<\/em><em> <\/em><em>vom<\/em><em> <\/em><em>Kreuz<\/em><em> <\/em><em>&nbsp;<\/em><em>durch<\/em><em> <\/em><em>Christus,<\/em><em> <\/em><em>unsern<\/em><em> <\/em><em>Herrn.<\/em><em> <\/em><em>Amen.<\/em><\/p>\n\n\n\n<p><strong>&nbsp; <\/strong><strong>Herr,<\/strong><strong> <\/strong><strong>mach<\/strong><strong> <\/strong><strong>mich<\/strong><strong> <\/strong><strong>zu<\/strong><strong> <\/strong><strong>einem<\/strong><strong> <\/strong><strong>Werkzeug<\/strong><strong> <\/strong><strong>deines<\/strong><strong> <\/strong><strong>Friedens,<\/strong><\/p>\n\n\n\n<p>dass ich liebe, wo man hasst;<\/p>\n\n\n\n<p>dass ich verzeihe, wo man beleidigt;<\/p>\n\n\n\n<p>dass ich verbinde, wo Streit ist;<\/p>\n\n\n\n<p>dass ich die Wahrheit sage, wo Irrtum ist;<\/p>\n\n\n\n<p>dass ich den Glauben bringe, wo Zweifel droht;<\/p>\n\n\n\n<p>dass ich Hoffnung wecke, wo Verzweiflung qu\u00e4lt;<\/p>\n\n\n\n<p>&nbsp;dass ich Licht entz\u00fcnde, wo Finsternis regiert;<\/p>\n\n\n\n<p>dass ich Freude bringe, wo der Kummer wohnt.<\/p>\n\n\n\n<p>&nbsp;&nbsp;<strong>Herr,<\/strong><strong> <\/strong><strong>lass<\/strong><strong> <\/strong><strong>mich<\/strong><strong> <\/strong><strong>trachten,<\/strong><strong>&nbsp;<\/strong><\/p>\n\n\n\n<p>nicht, dass ich getr\u00f6stet werde, sondern dass ich tr\u00f6ste;<\/p>\n\n\n\n<p>nicht, dass ich verstanden werde, sondern dass ich verstehe;&nbsp;&nbsp;&nbsp;&nbsp;<\/p>\n\n\n\n<p>nicht, dass ich geliebt werde, sondern dass ich liebe.<\/p>\n\n\n\n<p>&nbsp; <strong>Denn<\/strong><strong> <\/strong><strong>wer<\/strong><strong> <\/strong><strong>sich<\/strong><strong> <\/strong><strong>hingibt,<\/strong><strong> <\/strong><strong>der<\/strong><strong> <\/strong><strong>empf\u00e4ngt;<\/strong><\/p>\n\n\n\n<p>wer sich selbst vergisst, der findet;<\/p>\n\n\n\n<p>wer verzeiht, dem wird verziehen;<\/p>\n\n\n\n<p>und wer stirbt, der erwacht zum ewigen Leben. Amen.<\/p>\n\n\n\n<p>&nbsp; <strong>F\u00fchre<\/strong><strong> <\/strong><strong>mich<\/strong> vom Tode zum Leben, von Unwahrheit zu Wahrheit.&nbsp;<\/p>\n\n\n\n<p>F\u00fchre mich von Verzweiflung zur Hoffnung, von Furcht zu Vertrauen.<\/p>\n\n\n\n<p>F\u00fchre mich von Hass zu Liebe, von Krieg zu Frieden.<\/p>\n\n\n\n<p>Lass Frieden unsere Herzen, unsere Welt, unser Universum f\u00fcllen.<\/p>\n\n\n\n<p>(gesprochen auf der Gedenkfeier in Coventry 1990)<\/p>\n\n\n\n<ul class=\"wp-block-list\">\n<li><strong>Jesaja<\/strong><strong> <\/strong><strong>2:<\/strong><strong> <\/strong><strong>2-5<\/strong><\/li>\n<\/ul>\n\n\n\n<p>Am Ende der Tage wird es geschehen: Der Berg mit dem Haus des Herrn steht fest gegr\u00fcndet als h\u00f6chster der Berge; er \u00fcberragt alle H\u00fcgel. Zu ihm str\u00f6men alle V\u00f6lker. Viele Nationen machen sich auf den Weg. Sie sagen: Kommt, wir ziehen hinauf zum Berg des Herrn und zum Haus des Gottes Jakobs. Er zeige uns seine Wege, auf seinen Pfaden wollen wir gehen. Denn von Zion kommt die Weisung des Herrn, aus Jerusalem sein Wort. Er spricht Recht im Streit der V\u00f6lker, er weist viele Nationen zurecht. Dann schmieden sie Pflugscharen aus ihren Schwertern und Winzermesser aus ihren Lanzen. Man zieht nicht mehr das Schwert, Volk gegen Volk, und \u00fcbt nicht mehr f\u00fcr den Krieg. Ihr vom Haus Jakob, kommt, wir wollen unsere Wege gehen im Licht des Herrn.<\/p>\n\n\n\n<p>Weitere Gebete f\u00fcr Frieden und Gerechtigkeit, f\u00fcr Verantwortung f\u00fcr die Welt finden sich im Gotteslob unter den Nummern GL 19 und 20 sowie die Psalmen 147 (GL 78), 85 (GL 633, 5-6), 72A (GL 47), 91 (GL 664, 5-6), 122 (GL 68).<\/p>\n\n\n\n<p>Zum Singen oder Beten der Texte eignen sich Lieder unter den Nummern: GL 437, 161, 205, 270, 325, 453<\/p>\n\n\n\n<p><\/p>\n","protected":false},"excerpt":{"rendered":"<p>als PDF als Word Doc GEBETE ZUR AUSWAHL: Litanei zur Hl. Edith Stein \u2013 Sr. Teresia Benedicta vom Kreuz Herr, erbarme dich unser&nbsp;&nbsp;&nbsp;&nbsp;&nbsp;&nbsp;&nbsp;&nbsp;&nbsp;&nbsp;&nbsp;&nbsp;&nbsp;&nbsp;&nbsp;&nbsp;&nbsp;&nbsp;&nbsp;&nbsp;&nbsp;&nbsp;&nbsp;&nbsp;&nbsp;&nbsp;&nbsp;&nbsp;&nbsp;&nbsp;&nbsp;&nbsp;&nbsp;&nbsp;&nbsp;&nbsp;&nbsp;&nbsp;&nbsp;&nbsp;&nbsp;&nbsp;&nbsp;&nbsp;&nbsp;&nbsp;&nbsp;&nbsp;&nbsp;&nbsp;&nbsp;&nbsp;&nbsp;&nbsp; Herr, erbarme dich unser Christus, erbarme dich unser&nbsp;&nbsp;&nbsp;&nbsp;&nbsp;&nbsp;&nbsp;&nbsp;&nbsp;&nbsp;&nbsp;&nbsp;&nbsp;&nbsp;&nbsp;&nbsp;&nbsp;&nbsp;&nbsp;&nbsp;&nbsp;&nbsp;&nbsp;&nbsp;&nbsp;&nbsp;&nbsp;&nbsp;&nbsp;&nbsp;&nbsp;&nbsp;&nbsp;&nbsp;&nbsp;&nbsp;&nbsp;&nbsp;&nbsp;&nbsp;&nbsp;&nbsp;&nbsp;&nbsp;&nbsp;&nbsp;&nbsp;&nbsp; Christus, erbarme dich unser Herr, erbarme dich unser.&nbsp;&nbsp;&nbsp;&nbsp;&nbsp;&nbsp;&nbsp;&nbsp;&nbsp;&nbsp;&nbsp;&nbsp;&nbsp;&nbsp;&nbsp;&nbsp;&nbsp;&nbsp;&nbsp;&nbsp;&nbsp;&nbsp;&nbsp;&nbsp;&nbsp;&nbsp;&nbsp;&nbsp;&nbsp;&nbsp;&nbsp;&nbsp;&nbsp;&nbsp;&nbsp;&nbsp;&nbsp;&nbsp;&nbsp;&nbsp;&nbsp;&nbsp;&nbsp;&nbsp;&nbsp;&nbsp;&nbsp;&nbsp;&nbsp;&nbsp;&nbsp;&nbsp;&nbsp; Herr, erbarme dich unser. Christus, h\u00f6re uns&nbsp;&nbsp;&nbsp;&nbsp;&nbsp;&nbsp;&nbsp;&nbsp;&nbsp;&nbsp;&nbsp;&nbsp;&nbsp;&nbsp;&nbsp;&nbsp;&nbsp;&nbsp;&nbsp;&nbsp;&nbsp;&nbsp;&nbsp;&nbsp;&nbsp;&nbsp;&nbsp;&nbsp;&nbsp;&nbsp;&nbsp;&nbsp;&nbsp;&nbsp;&nbsp;&nbsp;&nbsp;&nbsp;&nbsp;&nbsp;&nbsp;&nbsp;&nbsp;&nbsp;&nbsp;&nbsp;&nbsp;&nbsp;&nbsp;&nbsp;&nbsp;&nbsp;&nbsp;&nbsp;&nbsp;&nbsp;&nbsp;&nbsp;&nbsp;&nbsp;&nbsp;&nbsp;&nbsp;&nbsp;&nbsp; Christus, erh\u00f6re uns. Gott Vater im Himmel&nbsp;&nbsp;&nbsp;&nbsp;&nbsp;&nbsp;&nbsp;&nbsp;&nbsp;&nbsp;&nbsp;&nbsp;&nbsp;&nbsp;&nbsp;&nbsp;&nbsp;&nbsp;&nbsp;&nbsp;&nbsp;&nbsp;&nbsp;&nbsp;&nbsp;&nbsp;&nbsp;&nbsp;&nbsp;&nbsp;&nbsp;&nbsp;&nbsp;&nbsp;&nbsp;&nbsp;&nbsp;&nbsp;&nbsp;&nbsp;&nbsp;&nbsp;&nbsp;&nbsp;&nbsp;&nbsp;&nbsp;&nbsp;&nbsp;&nbsp;&nbsp;&nbsp;&nbsp;&nbsp;&nbsp;&nbsp;&nbsp;&nbsp; erbarme dich [&hellip;]<\/p>\n","protected":false},"author":1,"featured_media":0,"parent":0,"menu_order":0,"comment_status":"closed","ping_status":"closed","template":"","meta":{"footnotes":""},"class_list":["post-326","page","type-page","status-publish","hentry"],"_links":{"self":[{"href":"https:\/\/friedensgebet.karmel.at\/index.php?rest_route=\/wp\/v2\/pages\/326","targetHints":{"allow":["GET"]}}],"collection":[{"href":"https:\/\/friedensgebet.karmel.at\/index.php?rest_route=\/wp\/v2\/pages"}],"about":[{"href":"https:\/\/friedensgebet.karmel.at\/index.php?rest_route=\/wp\/v2\/types\/page"}],"author":[{"embeddable":true,"href":"https:\/\/friedensgebet.karmel.at\/index.php?rest_route=\/wp\/v2\/users\/1"}],"replies":[{"embeddable":true,"href":"https:\/\/friedensgebet.karmel.at\/index.php?rest_route=%2Fwp%2Fv2%2Fcomments&post=326"}],"version-history":[{"count":0,"href":"https:\/\/friedensgebet.karmel.at\/index.php?rest_route=\/wp\/v2\/pages\/326\/revisions"}],"wp:attachment":[{"href":"https:\/\/friedensgebet.karmel.at\/index.php?rest_route=%2Fwp%2Fv2%2Fmedia&parent=326"}],"curies":[{"name":"wp","href":"https:\/\/api.w.org\/{rel}","templated":true}]}}